{"id":41,"date":"2021-10-29T12:29:15","date_gmt":"2021-10-29T11:29:15","guid":{"rendered":"https:\/\/dev.jaeggi-etziken.ch\/?page_id=41"},"modified":"2026-04-17T14:13:41","modified_gmt":"2026-04-17T13:13:41","slug":"steyr-traktoren","status":"publish","type":"page","link":"https:\/\/jaeggi-etziken.ch\/?page_id=41","title":{"rendered":"STEYR Traktoren &#8211; Produkte"},"content":{"rendered":"<p>[et_pb_section fb_built=&#8220;1&#8243; custom_padding_last_edited=&#8220;on|phone&#8220; admin_label=&#8220;Header einfarbig&#8220; _builder_version=&#8220;4.21.0&#8243; _module_preset=&#8220;default&#8220; background_color=&#8220;gcid-f056191c-0c47-46b2-961d-7d7651417736&#8243; background_image=&#8220;https:\/\/jaeggi-etziken.ch\/wp-content\/uploads\/2022\/09\/steyr-traktor-1.png&#8220; background_size=&#8220;contain&#8220; background_position=&#8220;center_left&#8220; module_alignment=&#8220;center&#8220; height_tablet=&#8220;&#8220; height_phone=&#8220;&#8220; height_last_edited=&#8220;on|tablet&#8220; custom_margin=&#8220;0px|0px|23px|0px|false|true&#8220; custom_padding=&#8220;7%|0px|7%|2%|false|false&#8220; custom_padding_tablet=&#8220;||14%||false|false&#8220; custom_padding_phone=&#8220;||25%||false|false&#8220; bottom_divider_style=&#8220;asymmetric&#8220; bottom_divider_color=&#8220;#FFFFFF&#8220; bottom_divider_height=&#8220;63px&#8220; bottom_divider_flip=&#8220;horizontal|vertical&#8220; locked=&#8220;off&#8220; global_colors_info=&#8220;{%22gcid-f056191c-0c47-46b2-961d-7d7651417736%22:%91%22background_color%22%93}&#8220;][et_pb_row _builder_version=&#8220;4.16&#8243; _module_preset=&#8220;default&#8220; global_colors_info=&#8220;{}&#8220;][et_pb_column type=&#8220;4_4&#8243; _builder_version=&#8220;4.16&#8243; _module_preset=&#8220;default&#8220; global_colors_info=&#8220;{}&#8220;][dipl_text_animator prefix_text=&#8220;Traktoren&#8220; animated_text=&#8220;Gartenger\u00e4te | Landmaschinen | Kommunalmaschinen | Forstmaschinen | Spielzeug &#038; Fanartikel | aller Marken &#8220; animation_layout=&#8220;wipe&#8220; in_stack=&#8220;on&#8220; animation_time=&#8220;1840ms&#8220; animation_hold=&#8220;5730ms&#8220; main_part_text_background=&#8220;on&#8220; main_background_color=&#8220;#AF2B1E&#8220; _builder_version=&#8220;4.21.0&#8243; _module_preset=&#8220;default&#8220; global_text_settings_font=&#8220;jl_georgia_bold||||||||&#8220; global_text_settings_text_align=&#8220;center&#8220; global_text_settings_text_color=&#8220;#ffffff&#8220; pre_and_post_text_font=&#8220;jl_georgia_bold|700|on|on|||||&#8220; pre_and_post_text_text_color=&#8220;#ffffff&#8220; pre_and_post_text_font_size=&#8220;58px&#8220; pre_and_post_text_letter_spacing=&#8220;5px&#8220; pre_and_post_text_line_height=&#8220;1.7em&#8220; main_text_font=&#8220;jl_georgia_bold|700|on|on|||||&#8220; main_text_text_color=&#8220;gcid-5c463a98-2147-4284-9acb-f03cd86478d3&#8243; main_text_font_size=&#8220;20px&#8220; main_text_letter_spacing=&#8220;3px&#8220; main_text_line_height=&#8220;1.7em&#8220; pre_and_post_text_font_size_tablet=&#8220;&#8220; pre_and_post_text_font_size_phone=&#8220;37px&#8220; pre_and_post_text_font_size_last_edited=&#8220;on|phone&#8220; main_text_font_size_tablet=&#8220;&#8220; main_text_font_size_phone=&#8220;15px&#8220; main_text_font_size_last_edited=&#8220;on|phone&#8220; main_text_letter_spacing_tablet=&#8220;&#8220; main_text_letter_spacing_phone=&#8220;10px&#8220; main_text_letter_spacing_last_edited=&#8220;on|phone&#8220; pre_and_post_text_text_shadow_style=&#8220;preset1&#8243; pre_and_post_text_text_shadow_color=&#8220;#000000&#8243; main_text_text_shadow_style=&#8220;preset1&#8243; main_text_text_shadow_horizontal_length=&#8220;0.1em&#8220; main_text_text_shadow_blur_strength=&#8220;0em&#8220; main_text_text_shadow_color=&#8220;#FFFFFF&#8220; global_colors_info=&#8220;{%22gcid-5c463a98-2147-4284-9acb-f03cd86478d3%22:%91%22main_text_text_color%22%93}&#8220;][\/dipl_text_animator][\/et_pb_column][\/et_pb_row][et_pb_row _builder_version=&#8220;4.16&#8243; _module_preset=&#8220;default&#8220; global_colors_info=&#8220;{}&#8220;][et_pb_column type=&#8220;4_4&#8243; _builder_version=&#8220;4.16&#8243; _module_preset=&#8220;default&#8220; global_colors_info=&#8220;{}&#8220;][et_pb_text content_tablet=&#8220;<\/p>\n<p>J\u00e4ggi Landmaschinen GmbH<br \/>Ihr Partner &#8211; 30 Jahre Erfahrung, Qualit\u00e4t und Zuverl\u00e4ssigkeit!<\/p>\n<p>&#8220; content_phone=&#8220;<\/p>\n<p>J\u00e4ggi Landmaschinen GmbH<br \/>Ihr Partner &#8211; 30 Jahre Erfahrung, Qualit\u00e4t und Zuverl\u00e4ssigkeit!<\/p>\n<p>&#8220; content_last_edited=&#8220;on|tablet&#8220; _builder_version=&#8220;4.27.6&#8243; _module_preset=&#8220;default&#8220; text_text_color=&#8220;#FFFFFF&#8220; text_orientation=&#8220;center&#8220; global_colors_info=&#8220;{}&#8220;]<\/p>\n<p>J\u00e4ggi Landmaschinen GmbH &#8211; Ihr Partner &#8211; 30 Jahre Erfahrung, Qualit\u00e4t und Zuverl\u00e4ssigkeit!<\/p>\n<p>[\/et_pb_text][\/et_pb_column][\/et_pb_row][\/et_pb_section][et_pb_section fb_built=&#8220;1&#8243; _builder_version=&#8220;4.16&#8243; _module_preset=&#8220;default&#8220; background_color=&#8220;RGBA(255,255,255,0)&#8220; background_enable_image=&#8220;off&#8220; parallax=&#8220;on&#8220; parallax_method=&#8220;off&#8220; height=&#8220;15vh&#8220; custom_margin=&#8220;0%|0px|0%|0px|false|true&#8220; custom_padding=&#8220;0px|0px|0px|0px|false|true&#8220; global_colors_info=&#8220;{}&#8220;][\/et_pb_section][et_pb_section fb_built=&#8220;1&#8243; admin_label=&#8220;\u00dcberschrift Startseite \/ Produkte&#8220; module_id=&#8220;mieten&#8220; _builder_version=&#8220;4.16&#8243; _module_preset=&#8220;default&#8220; background_color=&#8220;RGBA(255,255,255,0)&#8220; background_enable_image=&#8220;off&#8220; parallax=&#8220;on&#8220; custom_margin=&#8220;5.7%|0px|-14%|0px|false|true&#8220; custom_padding=&#8220;6px|0px|2px|0px|false|true&#8220; bottom_divider_color=&#8220;rgba(0,0,0,0.04)&#8220; bottom_divider_height=&#8220;466px&#8220; global_colors_info=&#8220;{}&#8220;][\/et_pb_section][et_pb_section fb_built=&#8220;1&#8243; admin_label=&#8220;\u00dcberschrift Startseite \/ Produkte&#8220; _builder_version=&#8220;4.18.0&#8243; _module_preset=&#8220;default&#8220; background_enable_image=&#8220;off&#8220; background_size=&#8220;contain&#8220; background_position=&#8220;bottom_right&#8220; custom_margin=&#8220;3%||1%||false|false&#8220; custom_padding=&#8220;64px||2px||false|false&#8220; bottom_divider_color=&#8220;rgba(0,0,0,0.04)&#8220; bottom_divider_height=&#8220;466px&#8220; global_colors_info=&#8220;{}&#8220;][et_pb_row custom_padding_last_edited=&#8220;on|phone&#8220; _builder_version=&#8220;4.18.0&#8243; _module_preset=&#8220;default&#8220; background_color=&#8220;#FFFFFF&#8220; width=&#8220;76%&#8220; width_tablet=&#8220;95vw&#8220; width_phone=&#8220;95vw&#8220; width_last_edited=&#8220;on|phone&#8220; module_alignment=&#8220;center&#8220; custom_margin=&#8220;0px|0px|0px|0px|false|false&#8220; custom_margin_tablet=&#8220;||||false|false&#8220; custom_margin_phone=&#8220;-13vh||||false|false&#8220; custom_margin_last_edited=&#8220;on|phone&#8220; custom_padding=&#8220;35px|0px|0px|0px|false|false&#8220; custom_padding_tablet=&#8220;3%||3%||true|false&#8220; custom_padding_phone=&#8220;3%||3%||true|false&#8220; animation_direction=&#8220;left&#8220; scroll_horizontal_motion=&#8220;0|50|50|100|1|0|-1&#8243; border_width_top=&#8220;5px&#8220; border_color_top=&#8220;gcid-f056191c-0c47-46b2-961d-7d7651417736&#8243; global_colors_info=&#8220;{%22gcid-f056191c-0c47-46b2-961d-7d7651417736%22:%91%22border_color_top%22%93}&#8220;][et_pb_column type=&#8220;4_4&#8243; _builder_version=&#8220;4.18.0&#8243; _module_preset=&#8220;default&#8220; custom_padding=&#8220;0px|0px|0px|0px|false|false&#8220; global_colors_info=&#8220;{}&#8220;][et_pb_text module_id=&#8220;terrus&#8220; _builder_version=&#8220;4.21.0&#8243; _module_preset=&#8220;default&#8220; header_2_font=&#8220;jl_georgia_bold|700|||||||&#8220; header_2_text_align=&#8220;center&#8220; header_2_font_size=&#8220;3.9em&#8220; header_2_line_height=&#8220;1.4em&#8220; custom_margin=&#8220;0px|0px|0px|0px|true|true&#8220; custom_padding=&#8220;0px|0px|0px|0px|true|true&#8220; header_2_font_size_tablet=&#8220;3.8em&#8220; header_2_font_size_phone=&#8220;2.9em&#8220; header_2_font_size_last_edited=&#8220;on|phone&#8220; global_colors_info=&#8220;{}&#8220;]<\/p>\n<h2>STEYR TRAKTOREN<\/h2>\n<p>[\/et_pb_text][dipl_text_highlighter highlighter_content=&#8220;Auf uns k\u00f6nnen Sie z\u00e4hlen&#8220; svg_color=&#8220;gcid-f056191c-0c47-46b2-961d-7d7651417736&#8243; stroke_width=&#8220;1.5&#8243; stroke_paint_delay=&#8220;0.5s&#8220; _builder_version=&#8220;4.16&#8243; _module_preset=&#8220;default&#8220; global_title_text_align=&#8220;center&#8220; global_body_text_align=&#8220;center&#8220; main_body_text_color=&#8220;RGBA(255,255,255,0)&#8220; main_body_font_size=&#8220;25px&#8220; module_alignment=&#8220;center&#8220; custom_margin=&#8220;-39px|0px|0px|0px|false|true&#8220; custom_padding=&#8220;0px|0px|31px|0px|false|true&#8220; global_colors_info=&#8220;{%22gcid-f056191c-0c47-46b2-961d-7d7651417736%22:%91%22svg_color%22%93}&#8220;][\/dipl_text_highlighter][dipl_text_animator prefix_text=&#8220;Als Ihr H\u00e4ndler f\u00fcr Ihren STEYR Traktor garantieren wir Ihnen: &#8220; animated_text=&#8220;Top Qualit\u00e4t, | Top Beratung, | Top Preise!&#8220; animation_layout=&#8220;wipe&#8220; in_stack=&#8220;on&#8220; animation_time=&#8220;2500ms&#8220; animation_hold=&#8220;2500ms&#8220; _builder_version=&#8220;4.18.0&#8243; _module_preset=&#8220;default&#8220; global_text_settings_font=&#8220;jl_georgia_bold|700|||||||&#8220; global_text_settings_text_align=&#8220;center&#8220; global_text_settings_text_color=&#8220;gcid-b1a3cad7-0546-47d7-86df-9902dc06c02d&#8220; global_text_settings_font_size=&#8220;2em&#8220; pre_and_post_text_font=&#8220;jl_georgia_bold|700|||||||&#8220; pre_and_post_text_text_color=&#8220;gcid-b1a3cad7-0546-47d7-86df-9902dc06c02d&#8220; pre_and_post_text_font_size=&#8220;0.6em&#8220; pre_and_post_text_line_height=&#8220;1.6em&#8220; main_text_font=&#8220;|700|||||||&#8220; main_text_text_color=&#8220;gcid-f056191c-0c47-46b2-961d-7d7651417736&#8243; main_text_font_size=&#8220;0.7em&#8220; width_tablet=&#8220;100%&#8220; width_phone=&#8220;&#8220; width_last_edited=&#8220;on|tablet&#8220; min_height=&#8220;108.5px&#8220; custom_margin=&#8220;0px|0px|0px|0px|false|true&#8220; custom_padding=&#8220;10px|0px|0px|0px|false|true&#8220; global_text_settings_font_size_tablet=&#8220;2em&#8220; global_text_settings_font_size_phone=&#8220;1.7em&#8220; global_text_settings_font_size_last_edited=&#8220;on|phone&#8220; global_colors_info=&#8220;{%22gcid-b1a3cad7-0546-47d7-86df-9902dc06c02d%22:%91%22global_text_settings_text_color%22,%22pre_and_post_text_text_color%22%93,%22gcid-f056191c-0c47-46b2-961d-7d7651417736%22:%91%22main_text_text_color%22%93}&#8220;][\/dipl_text_animator][dipl_separator _builder_version=&#8220;4.18.0&#8243; _module_preset=&#8220;6ac24798-ee29-48e8-9e71-ea76eb48acec&#8220; width_tablet=&#8220;200px&#8220; width_phone=&#8220;150px&#8220; width_last_edited=&#8220;on|phone&#8220; custom_margin=&#8220;20px|0px|0px|0px|false|false&#8220; custom_margin_tablet=&#8220;0px||||false|false&#8220; custom_margin_phone=&#8220;30px||||false|false&#8220; custom_margin_last_edited=&#8220;on|desktop&#8220; global_colors_info=&#8220;{}&#8220;][\/dipl_separator][dipl_separator separator_type=&#8220;dipl_shadow&#8220; seprator_thickness=&#8220;5px&#8220; separator_color=&#8220;gcid-3cbf2aa8-d6fb-4030-86bf-ccfc37aa6113&#8243; _builder_version=&#8220;4.16&#8243; _module_preset=&#8220;default&#8220; width=&#8220;100%&#8220; module_alignment=&#8220;center&#8220; custom_margin=&#8220;4vh||0px|0px|false|false&#8220; custom_padding=&#8220;0px|0px|0px|0px|false|false&#8220; global_colors_info=&#8220;{%22gcid-3cbf2aa8-d6fb-4030-86bf-ccfc37aa6113%22:%91%22separator_color%22%93}&#8220;][\/dipl_separator][\/et_pb_column][\/et_pb_row][\/et_pb_section][et_pb_section fb_built=&#8220;1&#8243; _builder_version=&#8220;4.18.0&#8243; _module_preset=&#8220;default&#8220; background_image=&#8220;https:\/\/jaeggi-etziken.ch\/wp-content\/uploads\/2022\/01\/STEYR_6300_Terrus_CVT_0521_AT_AT_DJI_0258_ret_NEW.jpg&#8220; parallax=&#8220;on&#8220; global_colors_info=&#8220;{}&#8220;][et_pb_row column_structure=&#8220;1_3,1_3,1_3&#8243; use_custom_gutter=&#8220;on&#8220; gutter_width=&#8220;2&#8243; make_equal=&#8220;on&#8220; admin_label=&#8220;Steyr row 1&#8243; module_id=&#8220;steyr_row&#8220; _builder_version=&#8220;4.18.0&#8243; _module_preset=&#8220;default&#8220; module_alignment=&#8220;center&#8220; global_colors_info=&#8220;{}&#8220;][et_pb_column type=&#8220;1_3&#8243; _builder_version=&#8220;4.18.0&#8243; _module_preset=&#8220;default&#8220; background_color=&#8220;#FFFFFF&#8220; global_colors_info=&#8220;{}&#8220;][et_pb_cta title=&#8220;STEYR CERVUS&#8220; url_new_window=&#8220;on&#8220; button_text=&#8220;https:\/\/www.steyr-traktoren.com\/de-de\/landwirtschaft\/produkte\/traktoren\/cervus-cvt&#8220; _builder_version=&#8220;4.27.6&#8243; _module_preset=&#8220;default&#8220; header_font=&#8220;jl_georgia_bold|700|||||||&#8220; header_text_align=&#8220;left&#8220; header_text_color=&#8220;gcid-f056191c-0c47-46b2-961d-7d7651417736&#8243; header_line_height=&#8220;2.7em&#8220; body_text_color=&#8220;gcid-09bccf84-3114-48ce-95f8-3be656dc2cca&#8220; body_font_size=&#8220;17px&#8220; body_line_height=&#8220;1.8em&#8220; background_color=&#8220;rgba(255,255,255,0.85)&#8220; custom_button=&#8220;on&#8220; button_text_color=&#8220;gcid-77881ff0-8d7b-42da-9d41-0977376b24d5&#8243; button_bg_color=&#8220;gcid-f056191c-0c47-46b2-961d-7d7651417736&#8243; button_border_width=&#8220;0px&#8220; button_border_radius=&#8220;0px&#8220; button_font=&#8220;||||||||&#8220; button_icon=&#8220;&#x45;||divi||400&#8243; button_icon_color=&#8220;#FFFFFF&#8220; button_on_hover=&#8220;off&#8220; button_alignment=&#8220;right&#8220; background_layout=&#8220;light&#8220; custom_margin=&#8220;15px|15px|15px|15px|true|true&#8220; custom_padding=&#8220;0px|28px|96px|28px|false|true&#8220; hover_enabled=&#8220;0&#8243; box_shadow_style_button=&#8220;preset1&#8243; global_colors_info=&#8220;{%22gcid-f056191c-0c47-46b2-961d-7d7651417736%22:%91%22header_text_color%22,%22button_bg_color%22,%22button_text_color__hover%22,%22button_icon_color__hover%22%93,%22gcid-09bccf84-3114-48ce-95f8-3be656dc2cca%22:%91%22body_text_color%22%93,%22gcid-77881ff0-8d7b-42da-9d41-0977376b24d5%22:%91%22button_text_color%22,%22button_bg_color__hover%22%93}&#8220; button_text_color__hover=&#8220;#c5233d&#8220; button_text_color__hover_enabled=&#8220;on|hover&#8220; button_bg_color__hover=&#8220;#ffffff&#8220; button_bg_color__hover_enabled=&#8220;on|hover&#8220; button_icon_color__hover=&#8220;#c5233d&#8220; button_icon_color__hover_enabled=&#8220;on|hover&#8220; sticky_enabled=&#8220;0&#8243;]<\/p>\n<p style=\"text-align: left;\"><span>Erlebe ununterbrochene Kraft. Das S-Control CVT-System passt sich intelligent jedem Lastzustand an und sorgt f\u00fcr unterbrechungsfreie Beschleunigung, sanfte Richtungswechsel und optimale Drehmoment\u00fcbertragung \u2013 ganz gleich, in welchem Untergrund du unterwegs bist.<\/span><\/p>\n<p>[\/et_pb_cta][dipl_button inline_buttons=&#8220;on&#8220; buttons_alignment=&#8220;right&#8220; _builder_version=&#8220;4.21.0&#8243; _module_preset=&#8220;default&#8220; button_font=&#8220;jl_georgia_bold|700|||||||&#8220; button_text_color=&#8220;gcid-f056191c-0c47-46b2-961d-7d7651417736&#8243; button_font_size=&#8220;16px&#8220; button_letter_spacing=&#8220;2px&#8220; positioning=&#8220;absolute&#8220; position_origin_a=&#8220;bottom_center&#8220; width=&#8220;100%&#8220; custom_margin=&#8220;|0px|0px|0px|false|true&#8220; custom_padding=&#8220;0px|0px|0px|0px|true|false&#8220; global_colors_info=&#8220;{%22gcid-f056191c-0c47-46b2-961d-7d7651417736%22:%91%22button_text_color%22%93}&#8220;][dipl_button_item button_text=&#8220;case-steyr-center.ch&#8220; button_url=&#8220;https:\/\/www.case-steyr-center.ch\/steyr\/traktoren\/steyr-terrus-cvt&#8220; url_new_window=&#8220;on&#8220; background_fill_style=&#8220;horizontal_shutter_fill&#8220; button_bg_color=&#8220;gcid-77881ff0-8d7b-42da-9d41-0977376b24d5&#8243; button_alignment=&#8220;left&#8220; button_custom_margin=&#8220;0px|3px|0px|0px|true|false&#8220; button_custom_padding=&#8220;5px|39px|5px|43px|true|false&#8220; button_bg_color_last_edited=&#8220;off|desktop&#8220; _builder_version=&#8220;4.18.0&#8243; _module_preset=&#8220;default&#8220; button_font=&#8220;jl_georgia|||on|||||&#8220; button_font_size=&#8220;14px&#8220; button_letter_spacing=&#8220;0px&#8220; text_orientation=&#8220;left&#8220; border_width_left=&#8220;8px&#8220; border_color_left=&#8220;gcid-f056191c-0c47-46b2-961d-7d7651417736&#8243; box_shadow_style=&#8220;preset1&#8243; box_shadow_color=&#8220;rgba(0,0,0,0.2)&#8220; global_colors_info=&#8220;{%22gcid-77881ff0-8d7b-42da-9d41-0977376b24d5%22:%91%22button_bg_color%22,%22button_text_color__hover%22%93,%22gcid-f056191c-0c47-46b2-961d-7d7651417736%22:%91%22border_color_left%22,%22button_text_color%22,%22button_bg_color__hover%22%93}&#8220; button_text_color__hover=&#8220;#ffffff&#8220; border_color_left__hover_enabled=&#8220;on|hover&#8220; border_color_left__hover=&#8220;#FFFFFF&#8220; box_shadow_blur__hover_enabled=&#8220;off|hover&#8220; box_shadow_spread__hover_enabled=&#8220;on|hover&#8220; box_shadow_spread__hover=&#8220;8px&#8220;][\/dipl_button_item][dipl_button_item button_text=&#8220;zur\u00fcck zu den Produkten&#8220; button_url=&#8220;https:\/\/jaeggi-etziken.ch\/?page_id=35\/#angebot&#8220; background_fill_style=&#8220;horizontal_shutter_fill&#8220; button_bg_color=&#8220;gcid-77881ff0-8d7b-42da-9d41-0977376b24d5&#8243; button_alignment=&#8220;left&#8220; button_custom_margin=&#8220;0px|3px|0px|0px|true|false&#8220; button_custom_padding=&#8220;5px|19px|5px|27px|true|false&#8220; button_bg_color_last_edited=&#8220;off|desktop&#8220; _builder_version=&#8220;4.18.0&#8243; _module_preset=&#8220;default&#8220; button_font=&#8220;jl_georgia|||on|||||&#8220; button_font_size=&#8220;14px&#8220; button_letter_spacing=&#8220;0px&#8220; text_orientation=&#8220;left&#8220; border_width_left=&#8220;8px&#8220; border_color_left=&#8220;gcid-f056191c-0c47-46b2-961d-7d7651417736&#8243; box_shadow_style=&#8220;preset1&#8243; box_shadow_color=&#8220;rgba(0,0,0,0.2)&#8220; global_colors_info=&#8220;{%22gcid-77881ff0-8d7b-42da-9d41-0977376b24d5%22:%91%22button_bg_color%22,%22button_text_color__hover%22,%22button_bg_color%22,%22button_text_color__hover%22%93,%22gcid-f056191c-0c47-46b2-961d-7d7651417736%22:%91%22border_color_left%22,%22border_color_left%22,%22button_text_color%22,%22button_bg_color__hover%22%93}&#8220; button_text_color__hover=&#8220;#ffffff&#8220; border_color_left__hover_enabled=&#8220;on|hover&#8220; border_color_left__hover=&#8220;#FFFFFF&#8220; box_shadow_spread__hover=&#8220;8px&#8220; box_shadow_spread__hover_enabled=&#8220;on|hover&#8220; box_shadow_blur__hover_enabled=&#8220;off|hover&#8220;][\/dipl_button_item][\/dipl_button][\/et_pb_column][et_pb_column type=&#8220;1_3&#8243; _builder_version=&#8220;4.18.0&#8243; _module_preset=&#8220;default&#8220; background_color=&#8220;#FFFFFF&#8220; global_colors_info=&#8220;{}&#8220;][et_pb_cta title=&#8220;STEYR TERRUS&#8220; url_new_window=&#8220;on&#8220; button_text=&#8220;case-steyr-center.ch&#8220; _builder_version=&#8220;4.21.0&#8243; _module_preset=&#8220;default&#8220; header_font=&#8220;jl_georgia_bold|700|||||||&#8220; header_text_align=&#8220;left&#8220; header_text_color=&#8220;gcid-f056191c-0c47-46b2-961d-7d7651417736&#8243; header_line_height=&#8220;2.7em&#8220; body_text_color=&#8220;gcid-09bccf84-3114-48ce-95f8-3be656dc2cca&#8220; body_font_size=&#8220;17px&#8220; body_line_height=&#8220;1.8em&#8220; background_color=&#8220;rgba(255,255,255,0.85)&#8220; custom_button=&#8220;on&#8220; button_text_color=&#8220;gcid-77881ff0-8d7b-42da-9d41-0977376b24d5&#8243; button_bg_color=&#8220;gcid-f056191c-0c47-46b2-961d-7d7651417736&#8243; button_border_width=&#8220;0px&#8220; button_border_radius=&#8220;0px&#8220; button_font=&#8220;||||||||&#8220; button_icon=&#8220;&#x45;||divi||400&#8243; button_icon_color=&#8220;#FFFFFF&#8220; button_on_hover=&#8220;off&#8220; button_alignment=&#8220;right&#8220; background_layout=&#8220;light&#8220; custom_margin=&#8220;15px|15px|15px|15px|true|true&#8220; custom_padding=&#8220;0px|28px|96px|28px|false|true&#8220; box_shadow_style_button=&#8220;preset1&#8243; global_colors_info=&#8220;{%22gcid-f056191c-0c47-46b2-961d-7d7651417736%22:%91%22header_text_color%22,%22button_bg_color%22,%22button_text_color__hover%22,%22button_icon_color__hover%22%93,%22gcid-09bccf84-3114-48ce-95f8-3be656dc2cca%22:%91%22body_text_color%22%93,%22gcid-77881ff0-8d7b-42da-9d41-0977376b24d5%22:%91%22button_text_color%22,%22button_bg_color__hover%22%93}&#8220; button_text_color__hover=&#8220;#c5233d&#8220; button_text_color__hover_enabled=&#8220;on|hover&#8220; button_bg_color__hover=&#8220;#ffffff&#8220; button_bg_color__hover_enabled=&#8220;on|hover&#8220; button_icon_color__hover=&#8220;#c5233d&#8220; button_icon_color__hover_enabled=&#8220;on|hover&#8220;]<\/p>\n<p style=\"text-align: left;\">Der TERRUS von STEYR pr\u00e4sentiert sich als st\u00e4rkster STEYR Traktor. Er bew\u00e4ltigt h\u00e4rteste Eins\u00e4tze und leistet Gewaltiges. Er empf\u00e4ngt Sie in der neuen Wegweisenden Kabine mit mehr Platz, eine neue Bedienoberfl\u00e4che und ein neues Armlehnedesign. Der TERRUS bietet ein v\u00f6llig neues Mass an Komfort, Leistung, Effizienz und fortschrittlicher Konnektivit\u00e4t.<\/p>\n<p>[\/et_pb_cta][dipl_button inline_buttons=&#8220;on&#8220; buttons_alignment=&#8220;right&#8220; _builder_version=&#8220;4.21.0&#8243; _module_preset=&#8220;default&#8220; button_font=&#8220;jl_georgia_bold|700|||||||&#8220; button_text_color=&#8220;gcid-f056191c-0c47-46b2-961d-7d7651417736&#8243; button_font_size=&#8220;16px&#8220; button_letter_spacing=&#8220;2px&#8220; positioning=&#8220;absolute&#8220; position_origin_a=&#8220;bottom_center&#8220; width=&#8220;100%&#8220; custom_margin=&#8220;|0px|0px|0px|false|true&#8220; custom_padding=&#8220;0px|0px|0px|0px|true|false&#8220; global_colors_info=&#8220;{%22gcid-f056191c-0c47-46b2-961d-7d7651417736%22:%91%22button_text_color%22%93}&#8220;][dipl_button_item button_text=&#8220;case-steyr-center.ch&#8220; button_url=&#8220;https:\/\/www.case-steyr-center.ch\/steyr\/traktoren\/steyr-terrus-cvt&#8220; url_new_window=&#8220;on&#8220; background_fill_style=&#8220;horizontal_shutter_fill&#8220; button_bg_color=&#8220;gcid-77881ff0-8d7b-42da-9d41-0977376b24d5&#8243; button_alignment=&#8220;left&#8220; button_custom_margin=&#8220;0px|3px|0px|0px|true|false&#8220; button_custom_padding=&#8220;5px|39px|5px|43px|true|false&#8220; button_bg_color_last_edited=&#8220;off|desktop&#8220; _builder_version=&#8220;4.18.0&#8243; _module_preset=&#8220;default&#8220; button_font=&#8220;jl_georgia|||on|||||&#8220; button_font_size=&#8220;14px&#8220; button_letter_spacing=&#8220;0px&#8220; text_orientation=&#8220;left&#8220; border_width_left=&#8220;8px&#8220; border_color_left=&#8220;gcid-f056191c-0c47-46b2-961d-7d7651417736&#8243; box_shadow_style=&#8220;preset1&#8243; box_shadow_color=&#8220;rgba(0,0,0,0.2)&#8220; global_colors_info=&#8220;{%22gcid-77881ff0-8d7b-42da-9d41-0977376b24d5%22:%91%22button_bg_color%22,%22button_text_color__hover%22%93,%22gcid-f056191c-0c47-46b2-961d-7d7651417736%22:%91%22border_color_left%22,%22button_text_color%22,%22button_bg_color__hover%22%93}&#8220; button_text_color__hover=&#8220;#ffffff&#8220; border_color_left__hover_enabled=&#8220;on|hover&#8220; border_color_left__hover=&#8220;#FFFFFF&#8220; box_shadow_blur__hover_enabled=&#8220;off|hover&#8220; box_shadow_spread__hover_enabled=&#8220;on|hover&#8220; box_shadow_spread__hover=&#8220;8px&#8220;][\/dipl_button_item][dipl_button_item button_text=&#8220;zur\u00fcck zu den Produkten&#8220; button_url=&#8220;https:\/\/jaeggi-etziken.ch\/?page_id=35\/#angebot&#8220; background_fill_style=&#8220;horizontal_shutter_fill&#8220; button_bg_color=&#8220;gcid-77881ff0-8d7b-42da-9d41-0977376b24d5&#8243; button_alignment=&#8220;left&#8220; button_custom_margin=&#8220;0px|3px|0px|0px|true|false&#8220; button_custom_padding=&#8220;5px|19px|5px|27px|true|false&#8220; button_bg_color_last_edited=&#8220;off|desktop&#8220; _builder_version=&#8220;4.18.0&#8243; _module_preset=&#8220;default&#8220; button_font=&#8220;jl_georgia|||on|||||&#8220; button_font_size=&#8220;14px&#8220; button_letter_spacing=&#8220;0px&#8220; text_orientation=&#8220;left&#8220; border_width_left=&#8220;8px&#8220; border_color_left=&#8220;gcid-f056191c-0c47-46b2-961d-7d7651417736&#8243; box_shadow_style=&#8220;preset1&#8243; box_shadow_color=&#8220;rgba(0,0,0,0.2)&#8220; global_colors_info=&#8220;{%22gcid-77881ff0-8d7b-42da-9d41-0977376b24d5%22:%91%22button_bg_color%22,%22button_text_color__hover%22,%22button_bg_color%22,%22button_text_color__hover%22%93,%22gcid-f056191c-0c47-46b2-961d-7d7651417736%22:%91%22border_color_left%22,%22border_color_left%22,%22button_text_color%22,%22button_bg_color__hover%22%93}&#8220; button_text_color__hover=&#8220;#ffffff&#8220; border_color_left__hover_enabled=&#8220;on|hover&#8220; border_color_left__hover=&#8220;#FFFFFF&#8220; box_shadow_spread__hover=&#8220;8px&#8220; box_shadow_spread__hover_enabled=&#8220;on|hover&#8220; box_shadow_blur__hover_enabled=&#8220;off|hover&#8220;][\/dipl_button_item][\/dipl_button][\/et_pb_column][et_pb_column type=&#8220;1_3&#8243; _builder_version=&#8220;4.18.0&#8243; _module_preset=&#8220;default&#8220; background_color=&#8220;#FFFFFF&#8220; global_colors_info=&#8220;{}&#8220;][et_pb_cta title=&#8220;STEYR ABSOLUT&#8220; url_new_window=&#8220;on&#8220; button_text=&#8220;case-steyr-center.ch&#8220; module_id=&#8220;absolut&#8220; _builder_version=&#8220;4.18.0&#8243; _module_preset=&#8220;default&#8220; header_font=&#8220;jl_georgia_bold|700|||||||&#8220; header_text_align=&#8220;left&#8220; header_text_color=&#8220;#af2b1e&#8220; header_line_height=&#8220;2.7em&#8220; body_text_color=&#8220;gcid-09bccf84-3114-48ce-95f8-3be656dc2cca&#8220; body_font_size=&#8220;17px&#8220; body_line_height=&#8220;1.8em&#8220; background_color=&#8220;rgba(255,255,255,0.85)&#8220; custom_button=&#8220;on&#8220; button_text_color=&#8220;gcid-77881ff0-8d7b-42da-9d41-0977376b24d5&#8243; button_bg_color=&#8220;gcid-f056191c-0c47-46b2-961d-7d7651417736&#8243; button_border_width=&#8220;0px&#8220; button_border_radius=&#8220;0px&#8220; button_font=&#8220;||||||||&#8220; button_icon=&#8220;&#x45;||divi||400&#8243; button_icon_color=&#8220;#FFFFFF&#8220; button_on_hover=&#8220;off&#8220; button_alignment=&#8220;right&#8220; custom_margin=&#8220;15px|15px|15px|15px|true|true&#8220; custom_padding=&#8220;0px|28px|96px|28px|false|true&#8220; box_shadow_style_button=&#8220;preset1&#8243; global_colors_info=&#8220;{%22gcid-f056191c-0c47-46b2-961d-7d7651417736%22:%91%22header_text_color%22,%22button_bg_color%22,%22button_text_color__hover%22,%22button_icon_color__hover%22%93,%22gcid-09bccf84-3114-48ce-95f8-3be656dc2cca%22:%91%22body_text_color%22%93,%22gcid-77881ff0-8d7b-42da-9d41-0977376b24d5%22:%91%22button_text_color%22,%22button_bg_color__hover%22%93}&#8220; button_text_color__hover=&#8220;#c5233d&#8220; button_text_color__hover_enabled=&#8220;on|hover&#8220; button_bg_color__hover=&#8220;#ffffff&#8220; button_bg_color__hover_enabled=&#8220;on|hover&#8220; button_icon_color__hover=&#8220;#c5233d&#8220; button_icon_color__hover_enabled=&#8220;on|hover&#8220;]<\/p>\n<p style=\"text-align: left;\">Ackerbau oder Gr\u00fcnland, Transport oder Industrie: Der STEYR Absolut CVT ist f\u00fcr jede Herausforderung wie massgeschneidert und als ultimatives Arbeitstier konstruiert. Dank des stufenlosen Getriebes und zahlreicher technischer Innovationen besticht diese Modellreihe mit einem exzellenten Arbeits- und Bedienungskomfort sowie un\u00fcbertroffener Wirtschaftlichkeit.<\/p>\n<p>[\/et_pb_cta][dipl_button inline_buttons=&#8220;on&#8220; buttons_alignment=&#8220;right&#8220; _builder_version=&#8220;4.18.0&#8243; _module_preset=&#8220;default&#8220; button_font=&#8220;jl_georgia_bold|700|||||||&#8220; button_text_color=&#8220;#af2b1e&#8220; button_font_size=&#8220;16px&#8220; button_letter_spacing=&#8220;2px&#8220; positioning=&#8220;absolute&#8220; position_origin_a=&#8220;bottom_center&#8220; width=&#8220;100%&#8220; custom_margin=&#8220;|0px|0px|0px|false|true&#8220; custom_padding=&#8220;0px|0px|0px|0px|true|false&#8220; global_colors_info=&#8220;{%22gcid-f056191c-0c47-46b2-961d-7d7651417736%22:%91%22button_text_color%22%93}&#8220;][dipl_button_item button_text=&#8220;case-steyr-center.ch&#8220; button_url=&#8220;https:\/\/www.case-steyr-center.ch\/steyr\/traktoren\/steyr-absolut-cvt&#8220; url_new_window=&#8220;on&#8220; background_fill_style=&#8220;horizontal_shutter_fill&#8220; button_bg_color=&#8220;gcid-77881ff0-8d7b-42da-9d41-0977376b24d5&#8243; button_alignment=&#8220;left&#8220; button_custom_margin=&#8220;0px|3px|0px|0px|true|false&#8220; button_custom_padding=&#8220;5px|39px|5px|43px|true|false&#8220; button_bg_color_last_edited=&#8220;off|desktop&#8220; _builder_version=&#8220;4.18.0&#8243; _module_preset=&#8220;default&#8220; button_font=&#8220;jl_georgia|||on|||||&#8220; button_font_size=&#8220;14px&#8220; button_letter_spacing=&#8220;0px&#8220; text_orientation=&#8220;left&#8220; border_width_left=&#8220;8px&#8220; border_color_left=&#8220;gcid-f056191c-0c47-46b2-961d-7d7651417736&#8243; box_shadow_style=&#8220;preset1&#8243; box_shadow_color=&#8220;rgba(0,0,0,0.2)&#8220; global_colors_info=&#8220;{%22gcid-77881ff0-8d7b-42da-9d41-0977376b24d5%22:%91%22button_bg_color%22,%22button_text_color__hover%22%93,%22gcid-f056191c-0c47-46b2-961d-7d7651417736%22:%91%22button_bg_color__hover%22,%22button_text_color%22,%22border_color_left%22%93}&#8220; button_text_color__hover=&#8220;#ffffff&#8220; border_color_left__hover_enabled=&#8220;on|hover&#8220; border_color_left__hover=&#8220;#FFFFFF&#8220; box_shadow_blur__hover_enabled=&#8220;off|hover&#8220; box_shadow_spread__hover_enabled=&#8220;on|hover&#8220; box_shadow_spread__hover=&#8220;8px&#8220;][\/dipl_button_item][dipl_button_item button_text=&#8220;zur\u00fcck zu den Produkten&#8220; button_url=&#8220;https:\/\/jaeggi-etziken.ch\/?page_id=35\/#angebot&#8220; background_fill_style=&#8220;horizontal_shutter_fill&#8220; button_bg_color=&#8220;gcid-77881ff0-8d7b-42da-9d41-0977376b24d5&#8243; button_alignment=&#8220;left&#8220; button_custom_margin=&#8220;0px|3px|0px|0px|true|false&#8220; button_custom_padding=&#8220;5px|19px|5px|27px|true|false&#8220; button_bg_color_last_edited=&#8220;off|desktop&#8220; _builder_version=&#8220;4.18.0&#8243; _module_preset=&#8220;default&#8220; button_font=&#8220;jl_georgia|||on|||||&#8220; button_font_size=&#8220;14px&#8220; button_letter_spacing=&#8220;0px&#8220; text_orientation=&#8220;left&#8220; border_width_left=&#8220;8px&#8220; border_color_left=&#8220;gcid-f056191c-0c47-46b2-961d-7d7651417736&#8243; box_shadow_style=&#8220;preset1&#8243; box_shadow_color=&#8220;rgba(0,0,0,0.2)&#8220; global_colors_info=&#8220;{%22gcid-77881ff0-8d7b-42da-9d41-0977376b24d5%22:%91%22button_bg_color%22,%22button_text_color__hover%22,%22button_bg_color%22,%22button_text_color__hover%22%93,%22gcid-f056191c-0c47-46b2-961d-7d7651417736%22:%91%22button_bg_color__hover%22,%22button_text_color%22,%22border_color_left%22,%22button_bg_color__hover%22,%22button_text_color%22,%22border_color_left%22%93}&#8220; button_text_color__hover=&#8220;#ffffff&#8220; border_color_left__hover_enabled=&#8220;on|hover&#8220; border_color_left__hover=&#8220;#FFFFFF&#8220; box_shadow_spread__hover=&#8220;8px&#8220; box_shadow_spread__hover_enabled=&#8220;on|hover&#8220; box_shadow_blur__hover_enabled=&#8220;off|hover&#8220;][\/dipl_button_item][\/dipl_button][\/et_pb_column][\/et_pb_row][et_pb_row column_structure=&#8220;1_3,1_3,1_3&#8243; use_custom_gutter=&#8220;on&#8220; gutter_width=&#8220;2&#8243; make_equal=&#8220;on&#8220; admin_label=&#8220;Steyr row 1&#8243; module_id=&#8220;steyr_row&#8220; _builder_version=&#8220;4.18.0&#8243; _module_preset=&#8220;default&#8220; module_alignment=&#8220;center&#8220; global_colors_info=&#8220;{}&#8220;][et_pb_column type=&#8220;1_3&#8243; _builder_version=&#8220;4.18.0&#8243; _module_preset=&#8220;default&#8220; background_color=&#8220;#FFFFFF&#8220; global_colors_info=&#8220;{}&#8220;][et_pb_cta title=&#8220;STEYR IMPULS&#8220; url_new_window=&#8220;on&#8220; button_text=&#8220;case-steyr-center.ch&#8220; module_id=&#8220;impuls&#8220; _builder_version=&#8220;4.18.0&#8243; _module_preset=&#8220;default&#8220; header_font=&#8220;jl_georgia_bold|700|||||||&#8220; header_text_align=&#8220;left&#8220; header_text_color=&#8220;#af2b1e&#8220; header_line_height=&#8220;2.7em&#8220; body_text_color=&#8220;gcid-09bccf84-3114-48ce-95f8-3be656dc2cca&#8220; body_font_size=&#8220;17px&#8220; body_line_height=&#8220;1.8em&#8220; background_color=&#8220;rgba(255,255,255,0.85)&#8220; custom_button=&#8220;on&#8220; button_text_color=&#8220;gcid-77881ff0-8d7b-42da-9d41-0977376b24d5&#8243; button_bg_color=&#8220;gcid-f056191c-0c47-46b2-961d-7d7651417736&#8243; button_border_width=&#8220;0px&#8220; button_border_radius=&#8220;0px&#8220; button_font=&#8220;||||||||&#8220; button_icon=&#8220;&#x45;||divi||400&#8243; button_icon_color=&#8220;#FFFFFF&#8220; button_on_hover=&#8220;off&#8220; button_alignment=&#8220;right&#8220; custom_margin=&#8220;15px|15px|15px|15px|true|true&#8220; custom_padding=&#8220;0px|28px|96px|28px|false|true&#8220; custom_css_promo_button=&#8220;margin-top: auto;&#8220; global_colors_info=&#8220;{%22gcid-f056191c-0c47-46b2-961d-7d7651417736%22:%91%22header_text_color%22,%22button_bg_color%22,%22button_text_color__hover%22,%22button_icon_color__hover%22%93,%22gcid-09bccf84-3114-48ce-95f8-3be656dc2cca%22:%91%22body_text_color%22%93,%22gcid-77881ff0-8d7b-42da-9d41-0977376b24d5%22:%91%22button_text_color%22,%22button_bg_color__hover%22%93}&#8220; button_text_color__hover=&#8220;#c5233d&#8220; button_text_color__hover_enabled=&#8220;on|hover&#8220; button_bg_color__hover=&#8220;#ffffff&#8220; button_bg_color__hover_enabled=&#8220;on|hover&#8220; button_icon_color__hover=&#8220;#c5233d&#8220; button_icon_color__hover_enabled=&#8220;on|hover&#8220;]<\/p>\n<p style=\"text-align: left;\">Ob Landwirtschaft, Transportwesen oder industrielle Herausforderungen \u2013 die drei Modelle der Baureihe bestechen ebenso durch technische Glanzleistungen als auch enorme Wirtschaftlichkeit. Erstklassiger Bedienkomfort und intelligente Ingenieurskunst vereinen sich hier zu einem unvergleichlichen Traktorkonzept. Die Motorleistung der drei Modelle spannt sich dabei von 150 bis 180 PS, so dass man ganz individuell gem\u00e4ss seiner Anforderungen immer die richtige Wahl treffen kann.<\/p>\n<p>[\/et_pb_cta][dipl_button inline_buttons=&#8220;on&#8220; buttons_alignment=&#8220;right&#8220; _builder_version=&#8220;4.18.0&#8243; _module_preset=&#8220;default&#8220; button_font=&#8220;jl_georgia_bold|700|||||||&#8220; button_text_color=&#8220;#af2b1e&#8220; button_font_size=&#8220;16px&#8220; button_letter_spacing=&#8220;2px&#8220; positioning=&#8220;absolute&#8220; position_origin_a=&#8220;bottom_center&#8220; width=&#8220;100%&#8220; custom_margin=&#8220;|0px|0px|0px|false|true&#8220; custom_padding=&#8220;0px|0px|0px|0px|true|false&#8220; global_colors_info=&#8220;{%22gcid-f056191c-0c47-46b2-961d-7d7651417736%22:%91%22button_text_color%22%93}&#8220;][dipl_button_item button_text=&#8220;case-steyr-center.ch&#8220; button_url=&#8220;https:\/\/www.case-steyr-center.ch\/steyr\/traktoren\/steyr-impuls-cvt&#8220; url_new_window=&#8220;on&#8220; background_fill_style=&#8220;horizontal_shutter_fill&#8220; button_bg_color=&#8220;gcid-77881ff0-8d7b-42da-9d41-0977376b24d5&#8243; button_alignment=&#8220;left&#8220; button_custom_margin=&#8220;0px|3px|0px|0px|true|false&#8220; button_custom_padding=&#8220;5px|39px|5px|43px|true|false&#8220; button_bg_color_last_edited=&#8220;off|desktop&#8220; _builder_version=&#8220;4.18.0&#8243; _module_preset=&#8220;default&#8220; button_font=&#8220;jl_georgia|||on|||||&#8220; button_font_size=&#8220;14px&#8220; button_letter_spacing=&#8220;0px&#8220; text_orientation=&#8220;left&#8220; border_width_left=&#8220;8px&#8220; border_color_left=&#8220;gcid-f056191c-0c47-46b2-961d-7d7651417736&#8243; box_shadow_style=&#8220;preset1&#8243; box_shadow_color=&#8220;rgba(0,0,0,0.2)&#8220; global_colors_info=&#8220;{%22gcid-77881ff0-8d7b-42da-9d41-0977376b24d5%22:%91%22button_bg_color%22,%22button_text_color__hover%22%93,%22gcid-f056191c-0c47-46b2-961d-7d7651417736%22:%91%22button_bg_color__hover%22,%22button_text_color%22,%22border_color_left%22%93}&#8220; button_text_color__hover=&#8220;#ffffff&#8220; border_color_left__hover_enabled=&#8220;on|hover&#8220; border_color_left__hover=&#8220;#FFFFFF&#8220; box_shadow_blur__hover_enabled=&#8220;off|hover&#8220; box_shadow_spread__hover_enabled=&#8220;on|hover&#8220; box_shadow_spread__hover=&#8220;8px&#8220;][\/dipl_button_item][dipl_button_item button_text=&#8220;zur\u00fcck zu den Produkten&#8220; button_url=&#8220;https:\/\/jaeggi-etziken.ch\/?page_id=35\/#angebot&#8220; background_fill_style=&#8220;horizontal_shutter_fill&#8220; button_bg_color=&#8220;gcid-77881ff0-8d7b-42da-9d41-0977376b24d5&#8243; button_alignment=&#8220;left&#8220; button_custom_margin=&#8220;0px|3px|0px|0px|true|false&#8220; button_custom_padding=&#8220;5px|19px|5px|27px|true|false&#8220; button_bg_color_last_edited=&#8220;off|desktop&#8220; _builder_version=&#8220;4.18.0&#8243; _module_preset=&#8220;default&#8220; button_font=&#8220;jl_georgia|||on|||||&#8220; button_font_size=&#8220;14px&#8220; button_letter_spacing=&#8220;0px&#8220; text_orientation=&#8220;left&#8220; border_width_left=&#8220;8px&#8220; border_color_left=&#8220;gcid-f056191c-0c47-46b2-961d-7d7651417736&#8243; box_shadow_style=&#8220;preset1&#8243; box_shadow_color=&#8220;rgba(0,0,0,0.2)&#8220; global_colors_info=&#8220;{%22gcid-77881ff0-8d7b-42da-9d41-0977376b24d5%22:%91%22button_bg_color%22,%22button_text_color__hover%22,%22button_bg_color%22,%22button_text_color__hover%22%93,%22gcid-f056191c-0c47-46b2-961d-7d7651417736%22:%91%22button_bg_color__hover%22,%22button_text_color%22,%22border_color_left%22,%22button_bg_color__hover%22,%22button_text_color%22,%22border_color_left%22%93}&#8220; button_text_color__hover=&#8220;#ffffff&#8220; border_color_left__hover_enabled=&#8220;on|hover&#8220; border_color_left__hover=&#8220;#FFFFFF&#8220; box_shadow_spread__hover=&#8220;8px&#8220; box_shadow_spread__hover_enabled=&#8220;on|hover&#8220; box_shadow_blur__hover_enabled=&#8220;off|hover&#8220;][\/dipl_button_item][\/dipl_button][\/et_pb_column][et_pb_column type=&#8220;1_3&#8243; _builder_version=&#8220;4.18.0&#8243; _module_preset=&#8220;default&#8220; background_color=&#8220;#FFFFFF&#8220; global_colors_info=&#8220;{}&#8220;][et_pb_cta title=&#8220;STEYR PROFI&#8220; url_new_window=&#8220;on&#8220; button_text=&#8220;case-steyr-center.ch&#8220; admin_label=&#8220;#profi&#8220; module_id=&#8220;profi&#8220; _builder_version=&#8220;4.18.0&#8243; _module_preset=&#8220;default&#8220; header_font=&#8220;jl_georgia_bold|700|||||||&#8220; header_text_align=&#8220;left&#8220; header_text_color=&#8220;#af2b1e&#8220; header_line_height=&#8220;2.7em&#8220; body_text_color=&#8220;gcid-09bccf84-3114-48ce-95f8-3be656dc2cca&#8220; body_font_size=&#8220;17px&#8220; body_line_height=&#8220;1.8em&#8220; background_color=&#8220;rgba(255,255,255,0.85)&#8220; custom_button=&#8220;on&#8220; button_text_color=&#8220;gcid-77881ff0-8d7b-42da-9d41-0977376b24d5&#8243; button_bg_color=&#8220;gcid-f056191c-0c47-46b2-961d-7d7651417736&#8243; button_border_width=&#8220;0px&#8220; button_border_radius=&#8220;0px&#8220; button_font=&#8220;||||||||&#8220; button_icon=&#8220;&#x45;||divi||400&#8243; button_icon_color=&#8220;#FFFFFF&#8220; button_on_hover=&#8220;off&#8220; button_alignment=&#8220;right&#8220; custom_margin=&#8220;15px|15px|15px|15px|true|true&#8220; custom_padding=&#8220;0px|28px|96px|28px|false|true&#8220; global_colors_info=&#8220;{%22gcid-f056191c-0c47-46b2-961d-7d7651417736%22:%91%22header_text_color%22,%22button_bg_color%22,%22button_text_color__hover%22,%22button_icon_color__hover%22%93,%22gcid-09bccf84-3114-48ce-95f8-3be656dc2cca%22:%91%22body_text_color%22%93,%22gcid-77881ff0-8d7b-42da-9d41-0977376b24d5%22:%91%22button_text_color%22,%22button_bg_color__hover%22%93}&#8220; button_text_color__hover=&#8220;#c5233d&#8220; button_text_color__hover_enabled=&#8220;on|hover&#8220; button_bg_color__hover=&#8220;#ffffff&#8220; button_bg_color__hover_enabled=&#8220;on|hover&#8220; button_icon_color__hover=&#8220;#c5233d&#8220; button_icon_color__hover_enabled=&#8220;on|hover&#8220;]<\/p>\n<p style=\"text-align: left;\">Effizienz und Vielseitigkeit im frischen Design f\u00fcr den Einsatz im Feld-, Gr\u00fcnland- und auf dem Hof.\u00a0 Die Profi Modelle verf\u00fcgen ab sofort \u00fcber ein 8-fach Lastschaltgetriebe mit 24 Vorw\u00e4rts- und 24 R\u00fcckw\u00e4rtsg\u00e4ngen. Mit dem Profi steht in der PS Kategorie von 116-145 PS ein breites Angebot mit 4 oder 6 Zylindern f\u00fcr Sie bereit. Optimale Vielfalt ist hier in einer Serie vereint. Die Profi Modelle sind mit mehr Elektronik, h\u00f6herem Komfort und der bew\u00e4hrten Multicontroller-Armlehne ausgestattet.<\/p>\n<p>[\/et_pb_cta][dipl_button inline_buttons=&#8220;on&#8220; buttons_alignment=&#8220;right&#8220; _builder_version=&#8220;4.18.0&#8243; _module_preset=&#8220;default&#8220; button_font=&#8220;jl_georgia_bold|700|||||||&#8220; button_text_color=&#8220;#af2b1e&#8220; button_font_size=&#8220;16px&#8220; button_letter_spacing=&#8220;2px&#8220; positioning=&#8220;absolute&#8220; position_origin_a=&#8220;bottom_center&#8220; width=&#8220;100%&#8220; custom_margin=&#8220;|0px|0px|0px|false|true&#8220; custom_padding=&#8220;0px|0px|0px|0px|true|false&#8220; global_colors_info=&#8220;{%22gcid-f056191c-0c47-46b2-961d-7d7651417736%22:%91%22button_text_color%22%93}&#8220;][dipl_button_item button_text=&#8220;case-steyr-center.ch&#8220; button_url=&#8220;https:\/\/www.case-steyr-center.ch\/steyr\/traktoren\/profi&#8220; url_new_window=&#8220;on&#8220; background_fill_style=&#8220;horizontal_shutter_fill&#8220; button_bg_color=&#8220;gcid-77881ff0-8d7b-42da-9d41-0977376b24d5&#8243; button_alignment=&#8220;left&#8220; button_custom_margin=&#8220;0px|3px|0px|0px|true|false&#8220; button_custom_padding=&#8220;5px|43px|5px|39px|true|false&#8220; button_bg_color_last_edited=&#8220;off|desktop&#8220; _builder_version=&#8220;4.18.0&#8243; _module_preset=&#8220;default&#8220; button_font=&#8220;jl_georgia|||on|||||&#8220; button_font_size=&#8220;14px&#8220; button_letter_spacing=&#8220;0px&#8220; text_orientation=&#8220;left&#8220; border_width_left=&#8220;8px&#8220; border_color_left=&#8220;gcid-f056191c-0c47-46b2-961d-7d7651417736&#8243; box_shadow_style=&#8220;preset1&#8243; box_shadow_color=&#8220;rgba(0,0,0,0.2)&#8220; global_colors_info=&#8220;{%22gcid-77881ff0-8d7b-42da-9d41-0977376b24d5%22:%91%22button_bg_color%22,%22button_text_color__hover%22%93,%22gcid-f056191c-0c47-46b2-961d-7d7651417736%22:%91%22button_bg_color__hover%22,%22button_text_color%22,%22border_color_left%22%93}&#8220; button_text_color__hover=&#8220;#ffffff&#8220; border_color_left__hover_enabled=&#8220;on|hover&#8220; border_color_left__hover=&#8220;#FFFFFF&#8220; box_shadow_blur__hover_enabled=&#8220;off|hover&#8220; box_shadow_spread__hover_enabled=&#8220;on|hover&#8220; box_shadow_spread__hover=&#8220;8px&#8220;][\/dipl_button_item][dipl_button_item button_text=&#8220;zur\u00fcck zu den Produkten&#8220; button_url=&#8220;https:\/\/jaeggi-etziken.ch\/?page_id=35\/#angebot&#8220; background_fill_style=&#8220;horizontal_shutter_fill&#8220; button_bg_color=&#8220;gcid-77881ff0-8d7b-42da-9d41-0977376b24d5&#8243; button_alignment=&#8220;left&#8220; button_custom_margin=&#8220;0px|3px|0px|0px|true|false&#8220; button_custom_padding=&#8220;5px|19px|5px|27px|true|false&#8220; button_bg_color_last_edited=&#8220;off|desktop&#8220; _builder_version=&#8220;4.18.0&#8243; _module_preset=&#8220;default&#8220; button_font=&#8220;jl_georgia|||on|||||&#8220; button_font_size=&#8220;14px&#8220; button_letter_spacing=&#8220;0px&#8220; text_orientation=&#8220;left&#8220; border_width_left=&#8220;8px&#8220; border_color_left=&#8220;gcid-f056191c-0c47-46b2-961d-7d7651417736&#8243; box_shadow_style=&#8220;preset1&#8243; box_shadow_color=&#8220;rgba(0,0,0,0.2)&#8220; global_colors_info=&#8220;{%22gcid-77881ff0-8d7b-42da-9d41-0977376b24d5%22:%91%22button_bg_color%22,%22button_text_color__hover%22,%22button_bg_color%22,%22button_text_color__hover%22%93,%22gcid-f056191c-0c47-46b2-961d-7d7651417736%22:%91%22button_bg_color__hover%22,%22button_text_color%22,%22border_color_left%22,%22button_bg_color__hover%22,%22button_text_color%22,%22border_color_left%22%93}&#8220; button_text_color__hover=&#8220;#ffffff&#8220; border_color_left__hover_enabled=&#8220;on|hover&#8220; border_color_left__hover=&#8220;#FFFFFF&#8220; box_shadow_spread__hover=&#8220;8px&#8220; box_shadow_spread__hover_enabled=&#8220;on|hover&#8220; box_shadow_blur__hover_enabled=&#8220;off|hover&#8220;][\/dipl_button_item][\/dipl_button][\/et_pb_column][et_pb_column type=&#8220;1_3&#8243; _builder_version=&#8220;4.18.0&#8243; _module_preset=&#8220;default&#8220; background_color=&#8220;#FFFFFF&#8220; global_colors_info=&#8220;{}&#8220;][et_pb_cta title=&#8220;STEYR EXPERT&#8220; url_new_window=&#8220;on&#8220; button_text=&#8220;case-steyr-center.ch&#8220; module_id=&#8220;expert&#8220; _builder_version=&#8220;4.18.0&#8243; _module_preset=&#8220;default&#8220; header_font=&#8220;jl_georgia_bold|700|||||||&#8220; header_text_align=&#8220;left&#8220; header_text_color=&#8220;#af2b1e&#8220; header_line_height=&#8220;2.7em&#8220; body_text_color=&#8220;gcid-09bccf84-3114-48ce-95f8-3be656dc2cca&#8220; body_font_size=&#8220;17px&#8220; body_line_height=&#8220;1.8em&#8220; background_color=&#8220;rgba(255,255,255,0.85)&#8220; custom_button=&#8220;on&#8220; button_text_color=&#8220;gcid-77881ff0-8d7b-42da-9d41-0977376b24d5&#8243; button_bg_color=&#8220;gcid-f056191c-0c47-46b2-961d-7d7651417736&#8243; button_border_width=&#8220;0px&#8220; button_border_radius=&#8220;0px&#8220; button_font=&#8220;||||||||&#8220; button_icon=&#8220;&#x45;||divi||400&#8243; button_icon_color=&#8220;#FFFFFF&#8220; button_on_hover=&#8220;off&#8220; button_alignment=&#8220;right&#8220; text_orientation=&#8220;left&#8220; custom_margin=&#8220;15px|15px|15px|15px|true|true&#8220; custom_padding=&#8220;0px|28px|96px|28px|false|true&#8220; global_colors_info=&#8220;{%22gcid-f056191c-0c47-46b2-961d-7d7651417736%22:%91%22header_text_color%22,%22button_bg_color%22,%22button_text_color__hover%22,%22button_icon_color__hover%22%93,%22gcid-09bccf84-3114-48ce-95f8-3be656dc2cca%22:%91%22body_text_color%22%93,%22gcid-77881ff0-8d7b-42da-9d41-0977376b24d5%22:%91%22button_text_color%22,%22button_bg_color__hover%22%93}&#8220; button_text_color__hover=&#8220;#c5233d&#8220; button_text_color__hover_enabled=&#8220;on|hover&#8220; button_bg_color__hover=&#8220;#ffffff&#8220; button_bg_color__hover_enabled=&#8220;on|hover&#8220; button_icon_color__hover=&#8220;#c5233d&#8220; button_icon_color__hover_enabled=&#8220;on|hover&#8220;]Der neue STEYR Expert CVT im STEYR Design, richtet sich an Kunden die einen leistungsstarken Traktor in kompakter Gr\u00f6\u00dfe mit bestem Komfort ben\u00f6tigen.<\/p>\n<p>S-Control<sup>TM<\/sup> CVT Getriebe, Stufe V Motor mit HI-eSCR2, eine Hochleistungs-CLSS-Hydraulikpumpe mit einem F\u00f6rdervolumen von 110 l\/min, Vorderachs- und Kabinenfederung sowie eine ger\u00e4umige Kabine sind nur einige der \u00fcberzeugenden Merkmale des neuen Traktors. Damit gibt es das bew\u00e4hrte STEYR S-Control<sup>TM<\/sup>\u00a0CVT Getriebe und das S-Tronic System erstmals auch im 100-PS-Segment.<\/p>\n<p>F\u00fcr Experten ist das Beste eben gerade gut genug.<br \/>\n[\/et_pb_cta][dipl_button inline_buttons=&#8220;on&#8220; buttons_alignment=&#8220;right&#8220; _builder_version=&#8220;4.18.0&#8243; _module_preset=&#8220;default&#8220; button_font=&#8220;jl_georgia_bold|700|||||||&#8220; button_text_color=&#8220;#af2b1e&#8220; button_font_size=&#8220;16px&#8220; button_letter_spacing=&#8220;2px&#8220; positioning=&#8220;absolute&#8220; position_origin_a=&#8220;bottom_center&#8220; width=&#8220;100%&#8220; custom_margin=&#8220;|0px|0px|0px|false|true&#8220; custom_padding=&#8220;0px|0px|0px|0px|true|false&#8220; global_colors_info=&#8220;{%22gcid-f056191c-0c47-46b2-961d-7d7651417736%22:%91%22button_text_color%22%93}&#8220;][dipl_button_item button_text=&#8220;case-steyr-center.ch&#8220; button_url=&#8220;https:\/\/www.case-steyr-center.ch\/steyr\/traktoren\/steyr-kompakt&#8220; url_new_window=&#8220;on&#8220; background_fill_style=&#8220;horizontal_shutter_fill&#8220; button_bg_color=&#8220;gcid-77881ff0-8d7b-42da-9d41-0977376b24d5&#8243; button_alignment=&#8220;left&#8220; button_custom_margin=&#8220;0px|3px|0px|0px|true|false&#8220; button_custom_padding=&#8220;5px|39px|5px|43px|true|false&#8220; button_bg_color_last_edited=&#8220;off|desktop&#8220; _builder_version=&#8220;4.18.0&#8243; _module_preset=&#8220;default&#8220; button_font=&#8220;jl_georgia|||on|||||&#8220; button_font_size=&#8220;14px&#8220; button_letter_spacing=&#8220;0px&#8220; text_orientation=&#8220;left&#8220; border_width_left=&#8220;8px&#8220; border_color_left=&#8220;gcid-f056191c-0c47-46b2-961d-7d7651417736&#8243; box_shadow_style=&#8220;preset1&#8243; box_shadow_color=&#8220;rgba(0,0,0,0.2)&#8220; global_colors_info=&#8220;{%22gcid-77881ff0-8d7b-42da-9d41-0977376b24d5%22:%91%22button_bg_color%22,%22button_text_color__hover%22%93,%22gcid-f056191c-0c47-46b2-961d-7d7651417736%22:%91%22button_bg_color__hover%22,%22button_text_color%22,%22border_color_left%22%93}&#8220; button_text_color__hover=&#8220;#ffffff&#8220; border_color_left__hover_enabled=&#8220;on|hover&#8220; border_color_left__hover=&#8220;#FFFFFF&#8220; box_shadow_blur__hover_enabled=&#8220;off|hover&#8220; box_shadow_spread__hover_enabled=&#8220;on|hover&#8220; box_shadow_spread__hover=&#8220;8px&#8220;][\/dipl_button_item][dipl_button_item button_text=&#8220;zur\u00fcck zu den Produkten&#8220; button_url=&#8220;https:\/\/jaeggi-etziken.ch\/?page_id=35\/#angebot&#8220; background_fill_style=&#8220;horizontal_shutter_fill&#8220; button_bg_color=&#8220;gcid-77881ff0-8d7b-42da-9d41-0977376b24d5&#8243; button_alignment=&#8220;left&#8220; button_custom_margin=&#8220;0px|3px|0px|0px|true|false&#8220; button_custom_padding=&#8220;5px|19px|5px|27px|true|false&#8220; button_bg_color_last_edited=&#8220;off|desktop&#8220; _builder_version=&#8220;4.18.0&#8243; _module_preset=&#8220;default&#8220; button_font=&#8220;jl_georgia|||on|||||&#8220; button_font_size=&#8220;14px&#8220; button_letter_spacing=&#8220;0px&#8220; text_orientation=&#8220;left&#8220; border_width_left=&#8220;8px&#8220; border_color_left=&#8220;gcid-f056191c-0c47-46b2-961d-7d7651417736&#8243; box_shadow_style=&#8220;preset1&#8243; box_shadow_color=&#8220;rgba(0,0,0,0.2)&#8220; global_colors_info=&#8220;{%22gcid-77881ff0-8d7b-42da-9d41-0977376b24d5%22:%91%22button_bg_color%22,%22button_text_color__hover%22,%22button_bg_color%22,%22button_text_color__hover%22%93,%22gcid-f056191c-0c47-46b2-961d-7d7651417736%22:%91%22button_bg_color__hover%22,%22button_text_color%22,%22border_color_left%22,%22button_bg_color__hover%22,%22button_text_color%22,%22border_color_left%22%93}&#8220; button_text_color__hover=&#8220;#ffffff&#8220; border_color_left__hover_enabled=&#8220;on|hover&#8220; border_color_left__hover=&#8220;#FFFFFF&#8220; box_shadow_spread__hover=&#8220;8px&#8220; box_shadow_spread__hover_enabled=&#8220;on|hover&#8220; box_shadow_blur__hover_enabled=&#8220;off|hover&#8220;][\/dipl_button_item][\/dipl_button][\/et_pb_column][\/et_pb_row][et_pb_row column_structure=&#8220;1_3,1_3,1_3&#8243; use_custom_gutter=&#8220;on&#8220; gutter_width=&#8220;2&#8243; make_equal=&#8220;on&#8220; admin_label=&#8220;Steyr row 2&#8243; module_id=&#8220;steyr_row_2&#8243; _builder_version=&#8220;4.27.6&#8243; _module_preset=&#8220;default&#8220; module_alignment=&#8220;center&#8220; hover_enabled=&#8220;0&#8243; global_colors_info=&#8220;{}&#8220; sticky_enabled=&#8220;0&#8243;][et_pb_column type=&#8220;1_3&#8243; _builder_version=&#8220;4.27.6&#8243; _module_preset=&#8220;default&#8220; background_color=&#8220;rgba(255,255,255,0)&#8220; hover_enabled=&#8220;0&#8243; global_colors_info=&#8220;{}&#8220; sticky_enabled=&#8220;0&#8243;][\/et_pb_column][et_pb_column type=&#8220;1_3&#8243; _builder_version=&#8220;4.18.0&#8243; _module_preset=&#8220;default&#8220; background_color=&#8220;#FFFFFF&#8220; global_colors_info=&#8220;{}&#8220;][et_pb_cta title=&#8220;STEYR KOMPAKT&#8220; url_new_window=&#8220;on&#8220; button_text=&#8220;case-steyr-center.ch&#8220; admin_label=&#8220;#kompakt&#8220; module_id=&#8220;kompakt&#8220; _builder_version=&#8220;4.18.0&#8243; _module_preset=&#8220;default&#8220; header_font=&#8220;jl_georgia_bold|700|||||||&#8220; header_text_align=&#8220;left&#8220; header_text_color=&#8220;#af2b1e&#8220; header_line_height=&#8220;2.7em&#8220; body_text_color=&#8220;gcid-09bccf84-3114-48ce-95f8-3be656dc2cca&#8220; body_font_size=&#8220;17px&#8220; body_line_height=&#8220;1.8em&#8220; background_color=&#8220;rgba(255,255,255,0.85)&#8220; custom_button=&#8220;on&#8220; button_text_color=&#8220;gcid-77881ff0-8d7b-42da-9d41-0977376b24d5&#8243; button_bg_color=&#8220;gcid-f056191c-0c47-46b2-961d-7d7651417736&#8243; button_border_width=&#8220;0px&#8220; button_border_radius=&#8220;0px&#8220; button_font=&#8220;||||||||&#8220; button_icon=&#8220;&#x45;||divi||400&#8243; button_icon_color=&#8220;#FFFFFF&#8220; button_icon_placement=&#8220;left&#8220; button_on_hover=&#8220;off&#8220; button_alignment=&#8220;center&#8220; custom_margin=&#8220;15px|15px|15px|15px|true|true&#8220; custom_padding=&#8220;0px|28px|96px|28px|false|true&#8220; box_shadow_style_button=&#8220;preset1&#8243; global_colors_info=&#8220;{%22gcid-f056191c-0c47-46b2-961d-7d7651417736%22:%91%22header_text_color%22,%22button_bg_color%22,%22button_text_color__hover%22,%22button_icon_color__hover%22%93,%22gcid-09bccf84-3114-48ce-95f8-3be656dc2cca%22:%91%22body_text_color%22%93,%22gcid-77881ff0-8d7b-42da-9d41-0977376b24d5%22:%91%22button_text_color%22,%22button_bg_color__hover%22%93}&#8220; button_bg_color__hover_enabled=&#8220;on|hover&#8220; button_bg_color__hover=&#8220;#ffffff&#8220; button_bg_enable_color__hover=&#8220;on&#8220; button_text_color__hover_enabled=&#8220;on|hover&#8220; button_text_color__hover=&#8220;#c5233d&#8220; button_icon_color__hover_enabled=&#8220;on|hover&#8220; button_icon_color__hover=&#8220;#c5233d&#8220;]<\/p>\n<p style=\"text-align: left;\"><strong>Der Kompakt<\/strong> von STEYR revolutioniert die Kosten-Nutzen-Rechnung! Die Modelle sind leicht, wendig und flexibel. Ausgestattet mit der bew\u00e4hrten Technologie von STEYR, sind sie ideal f\u00fcr jeden Einsatzbereich geeignet. Motoren von 80 bis 120 PS und das hervorragende Leistungsgewicht garantieren optimale Effizienz.<\/p>\n<p>[\/et_pb_cta][dipl_button inline_buttons=&#8220;on&#8220; buttons_alignment=&#8220;right&#8220; _builder_version=&#8220;4.18.0&#8243; _module_preset=&#8220;default&#8220; button_font=&#8220;jl_georgia_bold|700|||||||&#8220; button_text_color=&#8220;#af2b1e&#8220; button_font_size=&#8220;16px&#8220; button_letter_spacing=&#8220;2px&#8220; positioning=&#8220;absolute&#8220; position_origin_a=&#8220;bottom_center&#8220; width=&#8220;100%&#8220; custom_margin=&#8220;|0px|0px|0px|false|true&#8220; custom_padding=&#8220;0px|0px|0px|0px|true|false&#8220; global_colors_info=&#8220;{%22gcid-f056191c-0c47-46b2-961d-7d7651417736%22:%91%22button_text_color%22%93}&#8220;][dipl_button_item button_text=&#8220;case-steyr-center.ch&#8220; button_url=&#8220;https:\/\/www.case-steyr-center.ch\/steyr\/traktoren\/steyr-expert-cvt&#8220; url_new_window=&#8220;on&#8220; background_fill_style=&#8220;horizontal_shutter_fill&#8220; button_bg_color=&#8220;gcid-77881ff0-8d7b-42da-9d41-0977376b24d5&#8243; button_alignment=&#8220;left&#8220; button_custom_margin=&#8220;0px|3px|0px|0px|true|false&#8220; button_custom_padding=&#8220;5px|43px|5px|39px|true|false&#8220; button_bg_color_last_edited=&#8220;off|desktop&#8220; _builder_version=&#8220;4.18.0&#8243; _module_preset=&#8220;default&#8220; button_font=&#8220;jl_georgia|||on|||||&#8220; button_font_size=&#8220;14px&#8220; button_letter_spacing=&#8220;0px&#8220; text_orientation=&#8220;left&#8220; border_width_left=&#8220;8px&#8220; border_color_left=&#8220;gcid-f056191c-0c47-46b2-961d-7d7651417736&#8243; box_shadow_style=&#8220;preset1&#8243; box_shadow_color=&#8220;rgba(0,0,0,0.2)&#8220; global_colors_info=&#8220;{%22gcid-77881ff0-8d7b-42da-9d41-0977376b24d5%22:%91%22button_bg_color%22,%22button_text_color__hover%22%93,%22gcid-f056191c-0c47-46b2-961d-7d7651417736%22:%91%22button_bg_color__hover%22,%22button_text_color%22,%22border_color_left%22%93}&#8220; button_text_color__hover=&#8220;#ffffff&#8220; border_color_left__hover_enabled=&#8220;on|hover&#8220; border_color_left__hover=&#8220;#FFFFFF&#8220; box_shadow_blur__hover_enabled=&#8220;off|hover&#8220; box_shadow_spread__hover_enabled=&#8220;on|hover&#8220; box_shadow_spread__hover=&#8220;8px&#8220;][\/dipl_button_item][dipl_button_item button_text=&#8220;zur\u00fcck zu den Produkten&#8220; button_url=&#8220;https:\/\/jaeggi-etziken.ch\/?page_id=35\/#angebot&#8220; background_fill_style=&#8220;horizontal_shutter_fill&#8220; button_bg_color=&#8220;gcid-77881ff0-8d7b-42da-9d41-0977376b24d5&#8243; button_alignment=&#8220;left&#8220; button_custom_margin=&#8220;0px|3px|0px|0px|true|false&#8220; button_custom_padding=&#8220;5px|19px|5px|27px|true|false&#8220; button_bg_color_last_edited=&#8220;off|desktop&#8220; _builder_version=&#8220;4.18.0&#8243; _module_preset=&#8220;default&#8220; button_font=&#8220;jl_georgia|||on|||||&#8220; button_font_size=&#8220;14px&#8220; button_letter_spacing=&#8220;0px&#8220; text_orientation=&#8220;left&#8220; border_width_left=&#8220;8px&#8220; border_color_left=&#8220;gcid-f056191c-0c47-46b2-961d-7d7651417736&#8243; box_shadow_style=&#8220;preset1&#8243; box_shadow_color=&#8220;rgba(0,0,0,0.2)&#8220; global_colors_info=&#8220;{%22gcid-77881ff0-8d7b-42da-9d41-0977376b24d5%22:%91%22button_bg_color%22,%22button_text_color__hover%22,%22button_bg_color%22,%22button_text_color__hover%22%93,%22gcid-f056191c-0c47-46b2-961d-7d7651417736%22:%91%22button_bg_color__hover%22,%22button_text_color%22,%22border_color_left%22,%22button_bg_color__hover%22,%22button_text_color%22,%22border_color_left%22%93}&#8220; button_text_color__hover=&#8220;#ffffff&#8220; border_color_left__hover_enabled=&#8220;on|hover&#8220; border_color_left__hover=&#8220;#FFFFFF&#8220; box_shadow_spread__hover=&#8220;8px&#8220; box_shadow_spread__hover_enabled=&#8220;on|hover&#8220; box_shadow_blur__hover_enabled=&#8220;off|hover&#8220;][\/dipl_button_item][\/dipl_button][\/et_pb_column][et_pb_column type=&#8220;1_3&#8243; _builder_version=&#8220;4.27.6&#8243; _module_preset=&#8220;default&#8220; background_color=&#8220;rgba(255,255,255,0)&#8220; hover_enabled=&#8220;0&#8243; global_colors_info=&#8220;{}&#8220; sticky_enabled=&#8220;0&#8243;][\/et_pb_column][\/et_pb_row][\/et_pb_section][et_pb_section fb_built=&#8220;1&#8243; _builder_version=&#8220;4.18.0&#8243; _module_preset=&#8220;default&#8220; background_enable_image=&#8220;off&#8220; background_size=&#8220;contain&#8220; background_position=&#8220;bottom_right&#8220; custom_margin=&#8220;95px||||false|false&#8220; custom_padding=&#8220;0px||13px|||&#8220; global_colors_info=&#8220;{}&#8220;][et_pb_row _builder_version=&#8220;4.16&#8243; _module_preset=&#8220;default&#8220; global_colors_info=&#8220;{}&#8220;][et_pb_column type=&#8220;4_4&#8243; _builder_version=&#8220;4.16&#8243; _module_preset=&#8220;default&#8220; global_colors_info=&#8220;{}&#8220;][dipl_separator separator_type=&#8220;dipl_shadow&#8220; separator_color=&#8220;gcid-3cbf2aa8-d6fb-4030-86bf-ccfc37aa6113&#8243; _builder_version=&#8220;4.16&#8243; _module_preset=&#8220;default&#8220; global_colors_info=&#8220;{%22gcid-3cbf2aa8-d6fb-4030-86bf-ccfc37aa6113%22:%91%22separator_color%22%93}&#8220;][\/dipl_separator][\/et_pb_column][\/et_pb_row][\/et_pb_section][et_pb_section fb_built=&#8220;1&#8243; admin_label=&#8220;\u00dcberschrift1&#8243; _builder_version=&#8220;4.18.0&#8243; _module_preset=&#8220;default&#8220; background_enable_image=&#8220;off&#8220; parallax=&#8220;on&#8220; width=&#8220;85vw&#8220; module_alignment=&#8220;center&#8220; custom_margin=&#8220;6vh|0px|11vh|0px|false|false&#8220; custom_padding=&#8220;0%|0px|0%|0%|false|false&#8220; scroll_scaling_enable=&#8220;on&#8220; custom_css_after=&#8220; content: &#8220;;|| display: block;|| position: absolute;|| top: 24px;|| bottom: -24px;|| left: 24px;|| right: -24px;|| border: 3px #19191a solid;||&#8220; locked=&#8220;off&#8220; global_colors_info=&#8220;{}&#8220; custom_css_before_last_edited=&#8220;on|desktop&#8220; custom_css_main_element_last_edited=&#8220;on|desktop&#8220; custom_css_after_last_edited=&#8220;on|desktop&#8220; custom_css_after_tablet=&#8220; content: &#8220;;|| display: block;|| position: absolute;|| top: 24px;|| bottom: -24px;|| left: 24px;|| right: -24px;|| border: 3px #19191a solid;|| z-index: 2;&#8220; custom_css_after_phone=&#8220; content: &#8220;;|| display: block;|| position: absolute;|| top: 24px;|| bottom: -24px;|| left: 24px;|| right: -24px;|| border: 3px #19191a solid;|| z-index: 2;&#8220;][et_pb_row _builder_version=&#8220;4.16&#8243; _module_preset=&#8220;0408b318-fb9f-4591-8c27-bba4ee3490cb&#8220; background_color=&#8220;gcid-c06d2052-c179-48f6-a4a5-b2395c9652e0&#8243; background_enable_color=&#8220;on&#8220; width=&#8220;85vw&#8220; custom_margin=&#8220;0%|0px|0%|0px|true|false&#8220; custom_padding=&#8220;4vh|5px|1vh|5px|false|true&#8220; custom_css_before=&#8220;content: &#8220;;|| display: block;|| position: absolute;|| top: 12px;|| bottom: -12px;|| left: 12px;|| right: -12px;|| border: 2px #C5233D solid;|| ||&#8220; global_colors_info=&#8220;{%22gcid-c06d2052-c179-48f6-a4a5-b2395c9652e0%22:%91%22background_color%22%93}&#8220;][et_pb_column type=&#8220;4_4&#8243; _builder_version=&#8220;4.16&#8243; _module_preset=&#8220;default&#8220; global_colors_info=&#8220;{}&#8220;][dipl_text_highlighter pre_highlighter_content=&#8220;J\u00e4ggi Landmaschinen GmbH&#8220; highlighter_content=&#8220; Ihr Partner &#8220; post_highlighter_content=&#8220;f\u00fcr Ihre Maschinen und Ihre Ger\u00e4te&#8220; svg_color=&#8220;gcid-f056191c-0c47-46b2-961d-7d7651417736&#8243; stroke_width=&#8220;1.5px&#8220; _builder_version=&#8220;4.18.0&#8243; _module_preset=&#8220;default&#8220; global_body_font=&#8220;Georgia||||||||&#8220; global_body_text_align=&#8220;center&#8220; global_body_text_color=&#8220;gcid-77881ff0-8d7b-42da-9d41-0977376b24d5&#8243; global_body_font_size=&#8220;1.3em&#8220; global_body_line_height=&#8220;2.2em&#8220; main_body_text_color=&#8220;gcid-f056191c-0c47-46b2-961d-7d7651417736&#8243; main_body_font_size=&#8220;45px&#8220; custom_margin=&#8220;0px|0px|0%|0px|false|false&#8220; custom_padding=&#8220;0px|0px|2%|0px|false|false&#8220; global_colors_info=&#8220;{%22gcid-77881ff0-8d7b-42da-9d41-0977376b24d5%22:%91%22global_body_text_color%22%93,%22gcid-f056191c-0c47-46b2-961d-7d7651417736%22:%91%22svg_color%22,%22main_body_text_color%22%93}&#8220;][\/dipl_text_highlighter][\/et_pb_column][\/et_pb_row][\/et_pb_section][et_pb_section fb_built=&#8220;1&#8243; _builder_version=&#8220;4.18.0&#8243; _module_preset=&#8220;default&#8220; background_enable_image=&#8220;off&#8220; background_size=&#8220;contain&#8220; background_position=&#8220;bottom_right&#8220; custom_padding=&#8220;0px|||||&#8220; global_colors_info=&#8220;{}&#8220;][et_pb_row _builder_version=&#8220;4.16&#8243; _module_preset=&#8220;default&#8220; custom_margin=&#8220;2px|auto||auto||&#8220; global_colors_info=&#8220;{}&#8220;][et_pb_column type=&#8220;4_4&#8243; _builder_version=&#8220;4.16&#8243; _module_preset=&#8220;default&#8220; global_colors_info=&#8220;{}&#8220;][dipl_separator separator_type=&#8220;dipl_shadow&#8220; separator_color=&#8220;gcid-3cbf2aa8-d6fb-4030-86bf-ccfc37aa6113&#8243; _builder_version=&#8220;4.16&#8243; _module_preset=&#8220;default&#8220; global_colors_info=&#8220;{%22gcid-3cbf2aa8-d6fb-4030-86bf-ccfc37aa6113%22:%91%22separator_color%22%93}&#8220;][\/dipl_separator][\/et_pb_column][\/et_pb_row][\/et_pb_section]<\/p>\n","protected":false},"excerpt":{"rendered":"<p><div class=\"et_pb_module dipl_text_animator dipl_text_animator_0\">\n\t\t\t\t\n\t\t\t\t\n\t\t\t\t\n\t\t\t\t\n\t\t\t\t\n\t\t\t\t\n\t\t\t\t<div class=\"et_pb_module_inner\">\n\t\t\t\t\t<div class=\"animated_text_wrapper dipl-wipe\">\n\t\t\t\t<h2>\n\t\t\t\t<span class=\"pre_text_wrapper dipl_pre_post\">Traktoren<\/span>\n\t\t\t\t<span\n\t\t\t\t\t\t\t\t     class=\"animated_text dipl_main_part\" \n\t\t\t\t\t\t\t\t     data-wait-time=\"5730\"\n\t\t\t\t\t\t\t\t     data-animation-time=\"1840\"\n\t\t\t\t\t\t\t\t     data-text=\"Gartenger\u00e4te | Landmaschinen | Kommunalmaschinen | Forstmaschinen | Spielzeug &#038; Fanartikel | aller Marken \"\n\t\t\t\t\t\t\t\t     data-stop-animation-on-hover=\"off\"\n\t\t\t\t\t\t\t\t     >Gartenger\u00e4te <\/span>\n\t\t\t\t\n\t\t\t\t<\/h2>\n\t\t\t<\/div>\n\t\t\t\t<\/div>\n\t\t\t<\/div>J\u00e4ggi Landmaschinen [&hellip;]<\/p>\n","protected":false},"author":1,"featured_media":0,"parent":0,"menu_order":0,"comment_status":"closed","ping_status":"closed","template":"","meta":{"_et_pb_use_builder":"on","_et_pb_old_content":"","_et_gb_content_width":"","footnotes":""},"class_list":["post-41","page","type-page","status-publish","hentry"],"yoast_head":"<!-- This site is optimized with the Yoast SEO plugin v27.4 - https:\/\/yoast.com\/product\/yoast-seo-wordpress\/ -->\n<title>Als H\u00e4ndler f\u00fcr STEYR Traktoren garantieren wir Ihnen top Qualit\u00e4t<\/title>\n<meta name=\"description\" content=\"Beratung, Verkauf, Service oder Ersatzteile. Die Qualit\u00e4t von STEYR \u00fcberzeugt uns! Machen Sie eine Probefahrt und auch Sie werden \u00fcberzeugt!\" \/>\n<meta name=\"robots\" content=\"index, follow, max-snippet:-1, max-image-preview:large, max-video-preview:-1\" \/>\n<link rel=\"canonical\" href=\"https:\/\/jaeggi-etziken.ch\/?page_id=41\" \/>\n<meta property=\"og:locale\" content=\"de_DE\" \/>\n<meta property=\"og:type\" content=\"article\" \/>\n<meta property=\"og:title\" content=\"Als H\u00e4ndler f\u00fcr STEYR Traktoren garantieren wir Ihnen top Qualit\u00e4t\" \/>\n<meta property=\"og:description\" content=\"Beratung, Verkauf, Service oder Ersatzteile. Die Qualit\u00e4t von STEYR \u00fcberzeugt uns! Machen Sie eine Probefahrt und auch Sie werden \u00fcberzeugt!\" \/>\n<meta property=\"og:url\" content=\"https:\/\/jaeggi-etziken.ch\/?page_id=41\" \/>\n<meta property=\"og:site_name\" content=\"J\u00e4ggi Landmaschinen GmbH\" \/>\n<meta property=\"article:modified_time\" content=\"2026-04-17T13:13:41+00:00\" \/>\n<meta name=\"twitter:card\" content=\"summary_large_image\" \/>\n<meta name=\"twitter:label1\" content=\"Gesch\u00e4tzte Lesezeit\" \/>\n\t<meta name=\"twitter:data1\" content=\"3\u00a0Minuten\" \/>\n<script type=\"application\/ld+json\" class=\"yoast-schema-graph\">{\"@context\":\"https:\\\/\\\/schema.org\",\"@graph\":[{\"@type\":\"WebPage\",\"@id\":\"https:\\\/\\\/jaeggi-etziken.ch\\\/?page_id=41\",\"url\":\"https:\\\/\\\/jaeggi-etziken.ch\\\/?page_id=41\",\"name\":\"Als H\u00e4ndler f\u00fcr STEYR Traktoren garantieren wir Ihnen top Qualit\u00e4t\",\"isPartOf\":{\"@id\":\"https:\\\/\\\/jaeggi-etziken.ch\\\/#website\"},\"datePublished\":\"2021-10-29T11:29:15+00:00\",\"dateModified\":\"2026-04-17T13:13:41+00:00\",\"description\":\"Beratung, Verkauf, Service oder Ersatzteile. Die Qualit\u00e4t von STEYR \u00fcberzeugt uns! Machen Sie eine Probefahrt und auch Sie werden \u00fcberzeugt!\",\"breadcrumb\":{\"@id\":\"https:\\\/\\\/jaeggi-etziken.ch\\\/?page_id=41#breadcrumb\"},\"inLanguage\":\"de\",\"potentialAction\":[{\"@type\":\"ReadAction\",\"target\":[\"https:\\\/\\\/jaeggi-etziken.ch\\\/?page_id=41\"]}]},{\"@type\":\"BreadcrumbList\",\"@id\":\"https:\\\/\\\/jaeggi-etziken.ch\\\/?page_id=41#breadcrumb\",\"itemListElement\":[{\"@type\":\"ListItem\",\"position\":1,\"name\":\"Startseite\",\"item\":\"https:\\\/\\\/jaeggi-etziken.ch\\\/\"},{\"@type\":\"ListItem\",\"position\":2,\"name\":\"STEYR Traktoren &#8211; Produkte\"}]},{\"@type\":\"WebSite\",\"@id\":\"https:\\\/\\\/jaeggi-etziken.ch\\\/#website\",\"url\":\"https:\\\/\\\/jaeggi-etziken.ch\\\/\",\"name\":\"J\u00e4ggi Landmaschinen GmbH\",\"description\":\"Ihr Partner f\u00fcr Ihre Fahrzeuge, Maschinen und Ger\u00e4te\",\"publisher\":{\"@id\":\"https:\\\/\\\/jaeggi-etziken.ch\\\/#organization\"},\"potentialAction\":[{\"@type\":\"SearchAction\",\"target\":{\"@type\":\"EntryPoint\",\"urlTemplate\":\"https:\\\/\\\/jaeggi-etziken.ch\\\/?s={search_term_string}\"},\"query-input\":{\"@type\":\"PropertyValueSpecification\",\"valueRequired\":true,\"valueName\":\"search_term_string\"}}],\"inLanguage\":\"de\"},{\"@type\":\"Organization\",\"@id\":\"https:\\\/\\\/jaeggi-etziken.ch\\\/#organization\",\"name\":\"J\u00e4ggi Landmaschinen GmbH\",\"url\":\"https:\\\/\\\/jaeggi-etziken.ch\\\/\",\"logo\":{\"@type\":\"ImageObject\",\"inLanguage\":\"de\",\"@id\":\"https:\\\/\\\/jaeggi-etziken.ch\\\/#\\\/schema\\\/logo\\\/image\\\/\",\"url\":\"https:\\\/\\\/jaeggi-etziken.ch\\\/wp-content\\\/uploads\\\/2022\\\/09\\\/mstile-310x310-1.png\",\"contentUrl\":\"https:\\\/\\\/jaeggi-etziken.ch\\\/wp-content\\\/uploads\\\/2022\\\/09\\\/mstile-310x310-1.png\",\"width\":310,\"height\":310,\"caption\":\"J\u00e4ggi Landmaschinen GmbH\"},\"image\":{\"@id\":\"https:\\\/\\\/jaeggi-etziken.ch\\\/#\\\/schema\\\/logo\\\/image\\\/\"}}]}<\/script>\n<!-- \/ Yoast SEO plugin. -->","yoast_head_json":{"title":"Als H\u00e4ndler f\u00fcr STEYR Traktoren garantieren wir Ihnen top Qualit\u00e4t","description":"Beratung, Verkauf, Service oder Ersatzteile. Die Qualit\u00e4t von STEYR \u00fcberzeugt uns! Machen Sie eine Probefahrt und auch Sie werden \u00fcberzeugt!","robots":{"index":"index","follow":"follow","max-snippet":"max-snippet:-1","max-image-preview":"max-image-preview:large","max-video-preview":"max-video-preview:-1"},"canonical":"https:\/\/jaeggi-etziken.ch\/?page_id=41","og_locale":"de_DE","og_type":"article","og_title":"Als H\u00e4ndler f\u00fcr STEYR Traktoren garantieren wir Ihnen top Qualit\u00e4t","og_description":"Beratung, Verkauf, Service oder Ersatzteile. Die Qualit\u00e4t von STEYR \u00fcberzeugt uns! Machen Sie eine Probefahrt und auch Sie werden \u00fcberzeugt!","og_url":"https:\/\/jaeggi-etziken.ch\/?page_id=41","og_site_name":"J\u00e4ggi Landmaschinen GmbH","article_modified_time":"2026-04-17T13:13:41+00:00","twitter_card":"summary_large_image","twitter_misc":{"Gesch\u00e4tzte Lesezeit":"3\u00a0Minuten"},"schema":{"@context":"https:\/\/schema.org","@graph":[{"@type":"WebPage","@id":"https:\/\/jaeggi-etziken.ch\/?page_id=41","url":"https:\/\/jaeggi-etziken.ch\/?page_id=41","name":"Als H\u00e4ndler f\u00fcr STEYR Traktoren garantieren wir Ihnen top Qualit\u00e4t","isPartOf":{"@id":"https:\/\/jaeggi-etziken.ch\/#website"},"datePublished":"2021-10-29T11:29:15+00:00","dateModified":"2026-04-17T13:13:41+00:00","description":"Beratung, Verkauf, Service oder Ersatzteile. Die Qualit\u00e4t von STEYR \u00fcberzeugt uns! Machen Sie eine Probefahrt und auch Sie werden \u00fcberzeugt!","breadcrumb":{"@id":"https:\/\/jaeggi-etziken.ch\/?page_id=41#breadcrumb"},"inLanguage":"de","potentialAction":[{"@type":"ReadAction","target":["https:\/\/jaeggi-etziken.ch\/?page_id=41"]}]},{"@type":"BreadcrumbList","@id":"https:\/\/jaeggi-etziken.ch\/?page_id=41#breadcrumb","itemListElement":[{"@type":"ListItem","position":1,"name":"Startseite","item":"https:\/\/jaeggi-etziken.ch\/"},{"@type":"ListItem","position":2,"name":"STEYR Traktoren &#8211; Produkte"}]},{"@type":"WebSite","@id":"https:\/\/jaeggi-etziken.ch\/#website","url":"https:\/\/jaeggi-etziken.ch\/","name":"J\u00e4ggi Landmaschinen GmbH","description":"Ihr Partner f\u00fcr Ihre Fahrzeuge, Maschinen und Ger\u00e4te","publisher":{"@id":"https:\/\/jaeggi-etziken.ch\/#organization"},"potentialAction":[{"@type":"SearchAction","target":{"@type":"EntryPoint","urlTemplate":"https:\/\/jaeggi-etziken.ch\/?s={search_term_string}"},"query-input":{"@type":"PropertyValueSpecification","valueRequired":true,"valueName":"search_term_string"}}],"inLanguage":"de"},{"@type":"Organization","@id":"https:\/\/jaeggi-etziken.ch\/#organization","name":"J\u00e4ggi Landmaschinen GmbH","url":"https:\/\/jaeggi-etziken.ch\/","logo":{"@type":"ImageObject","inLanguage":"de","@id":"https:\/\/jaeggi-etziken.ch\/#\/schema\/logo\/image\/","url":"https:\/\/jaeggi-etziken.ch\/wp-content\/uploads\/2022\/09\/mstile-310x310-1.png","contentUrl":"https:\/\/jaeggi-etziken.ch\/wp-content\/uploads\/2022\/09\/mstile-310x310-1.png","width":310,"height":310,"caption":"J\u00e4ggi Landmaschinen GmbH"},"image":{"@id":"https:\/\/jaeggi-etziken.ch\/#\/schema\/logo\/image\/"}}]}},"_links":{"self":[{"href":"https:\/\/jaeggi-etziken.ch\/index.php?rest_route=\/wp\/v2\/pages\/41","targetHints":{"allow":["GET"]}}],"collection":[{"href":"https:\/\/jaeggi-etziken.ch\/index.php?rest_route=\/wp\/v2\/pages"}],"about":[{"href":"https:\/\/jaeggi-etziken.ch\/index.php?rest_route=\/wp\/v2\/types\/page"}],"author":[{"embeddable":true,"href":"https:\/\/jaeggi-etziken.ch\/index.php?rest_route=\/wp\/v2\/users\/1"}],"replies":[{"embeddable":true,"href":"https:\/\/jaeggi-etziken.ch\/index.php?rest_route=%2Fwp%2Fv2%2Fcomments&post=41"}],"version-history":[{"count":3,"href":"https:\/\/jaeggi-etziken.ch\/index.php?rest_route=\/wp\/v2\/pages\/41\/revisions"}],"predecessor-version":[{"id":250767,"href":"https:\/\/jaeggi-etziken.ch\/index.php?rest_route=\/wp\/v2\/pages\/41\/revisions\/250767"}],"wp:attachment":[{"href":"https:\/\/jaeggi-etziken.ch\/index.php?rest_route=%2Fwp%2Fv2%2Fmedia&parent=41"}],"curies":[{"name":"wp","href":"https:\/\/api.w.org\/{rel}","templated":true}]}}